{"id":12094,"date":"2021-05-31T14:35:59","date_gmt":"2021-05-31T11:35:59","guid":{"rendered":"https:\/\/detuam.sbu.edu.tr\/faaliyetler\/projeler\/"},"modified":"2022-10-14T11:20:34","modified_gmt":"2022-10-14T08:20:34","slug":"projects","status":"publish","type":"page","link":"https:\/\/detuam.sbu.edu.tr\/en\/activities\/projects\/","title":{"rendered":"Projects"},"content":{"rendered":"<div class=\"wpb-content-wrapper\"><p>[vc_row][vc_column][vc_tta_accordion active_section=&#8221;0&#8243; collapsible_all=&#8221;true&#8221;][vc_tta_section title=&#8221;2022&#8243; tab_id=&#8221;projects_2022&#8243;][vc_row_inner][vc_column_inner]<div id=\"tablepress-9-scroll-wrapper\" class=\"tablepress-scroll-wrapper\">\n\n<table id=\"tablepress-9\" class=\"tablepress tablepress-id-9 tablepress-responsive\">\n<thead>\n<tr class=\"row-1\">\n\t<th class=\"column-1\">Ad Soyad<\/th><th class=\"column-2\">Projedeki G\u00f6revi<\/th><th class=\"column-3\">Proje Ad\u0131<\/th><th class=\"column-4\">Destekleyen Kurum\/Kurulu\u015f<\/th><th class=\"column-5\">Proje Ba\u015flang\u0131\u00e7 Tarihi<\/th><th class=\"column-6\">Proje Biti\u015f Tarihi<\/th><th class=\"column-7\">Toplam Proje S\u00fcresi (Ay)<\/th>\n<\/tr>\n<\/thead>\n<tbody class=\"row-striping row-hover\">\n<tr class=\"row-2\">\n\t<td class=\"column-1\">Sibel B\u00f6lek<\/td><td class=\"column-2\">Y\u00fcr\u00fct\u00fcc\u00fc<\/td><td class=\"column-3\">\u015ealgam Suyundaki Biyoaktif Bile\u015fenlerin Enkaps\u00fclasyonu ve Probiyotik G\u0131da \u00dcretiminde Kullan\u0131m Olanaklar\u0131n\u0131n Ara\u015ft\u0131r\u0131lmas\u0131<\/td><td class=\"column-4\">BAP<\/td><td class=\"column-5\">18\/02\/2022<\/td><td class=\"column-6\">18\/02\/2023<\/td><td class=\"column-7\">12<\/td>\n<\/tr>\n<tr class=\"row-3\">\n\t<td class=\"column-1\">Sibel B\u00f6lek<\/td><td class=\"column-2\">Y\u00fcr\u00fct\u00fcc\u00fc<\/td><td class=\"column-3\">Hay\u0131t Tohumu Tozunun (Vitex Agnus-Castus) Fonksiyonel Hububat \u00dcr\u00fcnleri \u00dcretiminde Kullan\u0131lmas\u0131nda \u0130\u015flem Parametrelerinin Ara\u015ft\u0131r\u0131lmas\u0131<\/td><td class=\"column-4\">BAP<\/td><td class=\"column-5\">18\/02\/2022<\/td><td class=\"column-6\">18\/02\/2023<\/td><td class=\"column-7\">12<\/td>\n<\/tr>\n<tr class=\"row-4\">\n\t<td class=\"column-1\">Sibel B\u00f6lek<\/td><td class=\"column-2\">Y\u00fcr\u00fct\u00fcc\u00fc<\/td><td class=\"column-3\">\tLaden (Cistus incanus) bitkisi ile zenginle\u015ftirilmi\u015f fonksiyonel yo\u011furt \u00fcretimi<br \/>\n<\/td><td class=\"column-4\">BAP<\/td><td class=\"column-5\">18\/02\/2022<\/td><td class=\"column-6\">18\/02\/2023<\/td><td class=\"column-7\">12<\/td>\n<\/tr>\n<tr class=\"row-5\">\n\t<td class=\"column-1\">Tu\u011fba Kul K\u00f6pr\u00fcl\u00fc<\/td><td class=\"column-2\">Ara\u015ft\u0131rmac\u0131<\/td><td class=\"column-3\">Meme Kanseri Radyoterapisinde Flattening Filter ve Flattening Filter Free I\u015f\u0131nlar\u0131na Ba\u011fl\u0131 Histopatolojik ve Gen Ekspresyon Seviyesindeki De\u011fi\u015fikliklerin \u0130ncelenmesi<\/td><td class=\"column-4\">BAP<\/td><td class=\"column-5\">29\/04\/2022<\/td><td class=\"column-6\">28\/10\/2023<\/td><td class=\"column-7\">18<\/td>\n<\/tr>\n<tr class=\"row-6\">\n\t<td class=\"column-1\">Tu\u011fba Kul K\u00f6pr\u00fcl\u00fc<\/td><td class=\"column-2\">Ara\u015ft\u0131rmac\u0131<\/td><td class=\"column-3\">Kucuk Hucreli Olmayan Akciger Kanser Ksenogreftleri Tasiyan Farelerde Flattering Filter ve Flattering Filter Free Isinlarinin Radyobiyolojik Etkisinin Histopatolojik ve Genetik Olarak Arastirilmasi<\/td><td class=\"column-4\">T\u00dcSEB<\/td><td class=\"column-5\">02.10.2022<\/td><td class=\"column-6\">02.10.2024<\/td><td class=\"column-7\">24<\/td>\n<\/tr>\n<tr class=\"row-7\">\n\t<td class=\"column-1\">Tu\u011fba Kul K\u00f6pr\u00fcl\u00fc<\/td><td class=\"column-2\">Ara\u015ft\u0131rmac\u0131<\/td><td class=\"column-3\">Amyotrofik Lateral Skleroz (ALS) Hastalar\u0131nda Mitokondriyal Fonksiyon Bozuklu\u011fu ile ilgili Genleri Hedef Alan miRNA\u2019lar\u0131n in siliko ve in vitro Y\u00f6ntemlerle Ara\u015ft\u0131r\u0131lmas\u0131<\/td><td class=\"column-4\">T\u00dcSEB<\/td><td class=\"column-5\">05\/09\/2022<\/td><td class=\"column-6\">05\/09\/2023<\/td><td class=\"column-7\">12<\/td>\n<\/tr>\n<tr class=\"row-8\">\n\t<td class=\"column-1\">Erkan T\u00fcrker Baran<\/td><td class=\"column-2\">Ara\u015ft\u0131rmac\u0131<\/td><td class=\"column-3\">Deri M\u00fchendisli\u011fi ve Modellemesi i\u00e7in Avrupa \u0130\u015fbirli\u011fi (NETSKINMODELS)<\/td><td class=\"column-4\">COST AKS\u0130YONU (COST ACTION)<\/td><td class=\"column-5\">27\/05\/2022<\/td><td class=\"column-6\">27\/05\/2024<\/td><td class=\"column-7\">27\/05\/2024<\/td>\n<\/tr>\n<tr class=\"row-9\">\n\t<td class=\"column-1\">Nihat Dilsiz<\/td><td class=\"column-2\">Y\u00fcr\u00fct\u00fcc\u00fc<\/td><td class=\"column-3\">Akci\u011fer ve meme kanserine kar\u015f\u0131 eksozom tabanl\u0131 mRNA-peptid a\u015f\u0131 asay\u0131 molek\u00fclerinin potansiyel rol\u00fc<\/td><td class=\"column-4\">Elidan-USA<\/td><td class=\"column-5\">15\/09\/2022<\/td><td class=\"column-6\">15\/09\/2025<\/td><td class=\"column-7\">24<\/td>\n<\/tr>\n<tr class=\"row-10\">\n\t<td class=\"column-1\">Sevde Altunta\u015f<\/td><td class=\"column-2\">Y\u00fcr\u00fct\u00fcc\u00fc<\/td><td class=\"column-3\">Preklinik a\u015famadaki kemoterapi ajanlar\u0131n\u0131n \u00fc\u00e7 boyutlu humano modellerinde etkinliklerinin ara\u015ft\u0131r\u0131lmas\u0131 i\u00e7in hidrojel \u00fcr\u00fcnlerin geli\u015ftirilmesi<\/td><td class=\"column-4\">KOSGEB<\/td><td class=\"column-5\">15\/12\/2022<\/td><td class=\"column-6\">01\/04\/2025<\/td><td class=\"column-7\">16<\/td>\n<\/tr>\n<tr class=\"row-11\">\n\t<td class=\"column-1\">\u00d6zge Din\u00e7, Sibel B\u00f6lek, Ahmet Kat\u0131<\/td><td class=\"column-2\">Y\u00fcr\u00fct\u00fcc\u00fc ve Ara\u015ft\u0131rmac\u0131<\/td><td class=\"column-3\">Hipoklor\u00f6z Asidin Ya\u015f Meyve ve Sebzelerin Hasattan T\u00fcketiciye Kadar Olan S\u00fcre\u00e7te Kay\u0131plar\u0131n Azalt\u0131lmas\u0131nda Etkinli\u011finin Ara\u015ft\u0131r\u0131lmas\u0131<\/td><td class=\"column-4\">TAGEM<\/td><td class=\"column-5\">15\/03\/2022<\/td><td class=\"column-6\">15\/03\/2024<\/td><td class=\"column-7\">24<\/td>\n<\/tr>\n<tr class=\"row-12\">\n\t<td class=\"column-1\">Ahmet Kat\u0131, Sevde Altunta\u015f<\/td><td class=\"column-2\">Ara\u015ft\u0131rmac\u0131<\/td><td class=\"column-3\">Etlik Pili\u00e7 Rasyonunda Yem Katk\u0131 Maddesi Olarak Kullan\u0131lmak \u00dczere At\u0131k Hindi T\u00fcy\u00fcnden \u00dcretilen Antimikrobiyal Peptidin In Vitro ve In Vivo Ko\u015fullarda Etkinli\u011finin Ara\u015ft\u0131r\u0131lmas\u0131<\/td><td class=\"column-4\">TAGEM<\/td><td class=\"column-5\">15\/05\/2022<\/td><td class=\"column-6\">15\/05\/2024<\/td><td class=\"column-7\">24<\/td>\n<\/tr>\n<tr class=\"row-13\">\n\t<td class=\"column-1\">Aydin Tahmasebifar, Erkan T\u00fcrker Baran, Bengi Y\u0131lmaz<\/td><td class=\"column-2\">Y\u00fcr\u00fct\u00fcc\u00fc ve Ara\u015ft\u0131rmac\u0131<\/td><td class=\"column-3\">\u0130letken Biyom\u00fcrekkeplerle Vask\u00fcler Yap\u0131l\u0131 Kas Dokusunun \u00dc\u00e7 Boyutlu (3B) Biyobas\u0131m\u0131<\/td><td class=\"column-4\">T\u00dcB\u0130TAK<\/td><td class=\"column-5\">15\/02\/2022<\/td><td class=\"column-6\">15\/08\/2024<\/td><td class=\"column-7\">30<\/td>\n<\/tr>\n<tr class=\"row-14\">\n\t<td class=\"column-1\">Gamze Ye\u015filay<\/td><td class=\"column-2\">Y\u00fcr\u00fct\u00fcc\u00fc<\/td><td class=\"column-3\">Alt\u0131n Nanopar\u00e7ac\u0131\u011fa Konjuge Edilmi\u015f Hedeflenmi\u015f \u0130la\u00e7 Ta\u015f\u0131ma Sisteminin Gemsitabine Diren\u00e7li \u00dc\u00e7l\u00fc Negatif Meme Kanseri H\u00fccre Hatt\u0131ndaki Antikanser Etkisinin Fenotipik Profilleme ve Yeni Nesil Dizileme Y\u00f6ntemleriyle Ara\u015ft\u0131r\u0131lmas\u0131<\/td><td class=\"column-4\">T\u00dcB\u0130TAK<\/td><td class=\"column-5\">01\/10\/2022<\/td><td class=\"column-6\">01\/04\/2025<\/td><td class=\"column-7\">30<\/td>\n<\/tr>\n<tr class=\"row-15\">\n\t<td class=\"column-1\">Gamze Ye\u015filay<\/td><td class=\"column-2\">Ara\u015ft\u0131rmac\u0131<\/td><td class=\"column-3\">Farkl\u0131 molek\u00fcler alt tiplere sahip meme kanseri h\u00fccre hatlar\u0131na y\u00fcksek ba\u011flanma g\u00f6steren peptit 18-4\u2019\u00fcn ba\u011flanma resept\u00f6r\u00fcn\u00fcn ayd\u0131nlat\u0131lmas\u0131<\/td><td class=\"column-4\">T\u00dcB\u0130TAK<\/td><td class=\"column-5\">01\/10\/2022<\/td><td class=\"column-6\">01\/04\/2025<\/td><td class=\"column-7\">28<\/td>\n<\/tr>\n<tr class=\"row-16\">\n\t<td class=\"column-1\">Zeynep B\u00fc\u015fra Bolat<\/td><td class=\"column-2\">Y\u00fcr\u00fct\u00fcc\u00fc<\/td><td class=\"column-3\">Farkl\u0131 molek\u00fcler alt tiplere sahip meme kanseri h\u00fccre hatlar\u0131na y\u00fcksek ba\u011flanma g\u00f6steren peptit 18-4\u2019\u00fcn ba\u011flanma resept\u00f6r\u00fcn\u00fcn ayd\u0131nlat\u0131lmas\u0131<\/td><td class=\"column-4\">T\u00dcB\u0130TAK<\/td><td class=\"column-5\">15\/10\/2022<\/td><td class=\"column-6\">15\/02\/2025<\/td><td class=\"column-7\">28<\/td>\n<\/tr>\n<tr class=\"row-17\">\n\t<td class=\"column-1\">Ahmet Kat\u0131<\/td><td class=\"column-2\">Dan\u0131\u015fman<\/td><td class=\"column-3\">Oligotrofik Bakteriler Yard\u0131m\u0131 ile Tan\u0131 Kitleri i\u00e7in Du\u0308\u015fu\u0308k Maliyetli Taq Polimeraz Enzim \u00dcretimi<\/td><td class=\"column-4\">T\u00dcB\u0130TAK 2218<\/td><td class=\"column-5\">01\/09\/2022<\/td><td class=\"column-6\">01\/09\/2023<\/td><td class=\"column-7\">12<\/td>\n<\/tr>\n<tr class=\"row-18\">\n\t<td class=\"column-1\">Sevde Altunta\u015f<\/td><td class=\"column-2\">Ara\u015ft\u0131rmac\u0131<\/td><td class=\"column-3\">Kanser ara\u015ft\u0131rmalar\u0131 i\u00e7in klinik \u00f6ncesi 3B in vitro g\u00f6r\u00fcnt\u00fcleme sistemi<\/td><td class=\"column-4\">TUSEB<\/td><td class=\"column-5\">15\/10\/2022<\/td><td class=\"column-6\">15\/10\/2024<\/td><td class=\"column-7\">24<\/td>\n<\/tr>\n<tr class=\"row-19\">\n\t<td class=\"column-1\">Gamze Ye\u015filay<\/td><td class=\"column-2\">Ara\u015ft\u0131rmac\u0131<\/td><td class=\"column-3\">CXCR5+PD-1+ T Folik\u00fcler Yard\u0131mc\u0131 H\u00fccrelerin (Follicular Helper Cells) Farelerde Olu\u015fturulan Deneysel Otoimm\u00fcn Ensefalomiyelit (DOE) Modeli Patogenezindeki Etkisinin \u0130ncelenmesi<\/td><td class=\"column-4\">TUSEB<\/td><td class=\"column-5\">15\/10\/2022<\/td><td class=\"column-6\">15\/10\/2023<\/td><td class=\"column-7\">12<\/td>\n<\/tr>\n<tr class=\"row-20\">\n\t<td class=\"column-1\">Gamze Ye\u015filay, Zeynep B\u00fc\u015fra Bolat<\/td><td class=\"column-2\">Ara\u015ft\u0131rmac\u0131<\/td><td class=\"column-3\">F\u0131nd\u0131ktan elde edilen biyoaktif peptitlerin Alzheimer ve Parkinson hastal\u0131k modellerinin \u00fczerindeki n\u00f6roprotektif etkilerinin incelenmesi<\/td><td class=\"column-4\">TUSEB<\/td><td class=\"column-5\">15\/10\/2022<\/td><td class=\"column-6\">15\/10\/2024<\/td><td class=\"column-7\">24<\/td>\n<\/tr>\n<tr class=\"row-21\">\n\t<td class=\"column-1\">Gamze Ye\u015filay, Arif Mermer, Zeynep B\u00fc\u015fra Bolat<\/td><td class=\"column-2\">Y\u00fcr\u00fct\u00fcc\u00fc, Ara\u015ft\u0131rmac\u0131<\/td><td class=\"column-3\">Rosmarinik Asit T\u00fcrevlerinin \u00dc\u00e7l\u00fc Negatif Meme Kanseri H\u00fccre Hatt\u0131 \u00dczerindeki Antikanser Etkisinin Fenotipik Profilleme ve H\u00fccresel Yolaklar\u0131n \u0130ncelenmesi Arac\u0131l\u0131\u011f\u0131yla Belirlenmesi<\/td><td class=\"column-4\">T\u00dcSEB<\/td><td class=\"column-5\">07\/06\/2022<\/td><td class=\"column-6\">07\/06\/2023<\/td><td class=\"column-7\">12<\/td>\n<\/tr>\n<tr class=\"row-22\">\n\t<td class=\"column-1\">Arif Mermer<\/td><td class=\"column-2\">Y\u00fcr\u00fct\u00fcc\u00fc<\/td><td class=\"column-3\">GABA ve Ryanodin Resept\u00f6rlerine Kar\u015f\u0131 Yeni B\u00f6cek \u00d6ld\u00fcr\u00fcc\u00fclerin Dizayn\u0131, Sentezi ve Biyolojik Aktivitelerinin \u0130ncelenmesi<\/td><td class=\"column-4\">T\u00dcSEB<\/td><td class=\"column-5\">01\/06\/2022<\/td><td class=\"column-6\">01\/06\/2023<\/td><td class=\"column-7\">12<\/td>\n<\/tr>\n<tr class=\"row-23\">\n\t<td class=\"column-1\">\u00d6zlem T\u00fcrksoy Terzio\u011flu<\/td><td class=\"column-2\">Y\u00fcr\u00fct\u00fcc\u00fc<\/td><td class=\"column-3\">Gastrik kanser lenf nodu metastaz\u0131 te\u015fhisinde kullan\u0131m amac\u0131yla mitokondriyal belirte\u00e7lerin h\u00fccre y\u00fczeyinde bulunma durumunun protein d\u00fczeyinde belirlenmesi<\/td><td class=\"column-4\">BAP<\/td><td class=\"column-5\">28\/04\/2022<\/td><td class=\"column-6\">28\/04\/2024<\/td><td class=\"column-7\">12<\/td>\n<\/tr>\n<tr class=\"row-24\">\n\t<td class=\"column-1\">\u00d6zlem T\u00fcrksoy Terzio\u011flu<\/td><td class=\"column-2\">Y\u00fcr\u00fct\u00fcc\u00fc<\/td><td class=\"column-3\"><\/td><td class=\"column-4\">BAP<\/td><td class=\"column-5\">05\/06\/2022<\/td><td class=\"column-6\">05\/06\/2023<\/td><td class=\"column-7\">12<\/td>\n<\/tr>\n<tr class=\"row-25\">\n\t<td class=\"column-1\">Esra G\u00fczel Tano\u011flu<\/td><td class=\"column-2\">Ara\u015ft\u0131rmac\u0131<\/td><td class=\"column-3\">Akut pankreatit hastalar\u0131nda MALAT1 ve H19'un hastal\u0131\u011f\u0131n tan\u0131s\u0131 ve \u015fiddetini belirlemede etkinliklerinin de\u011ferlendirilmesi<\/td><td class=\"column-4\">BAP<\/td><td class=\"column-5\">11\/11\/2022<\/td><td class=\"column-6\">10\/02\/2024<\/td><td class=\"column-7\">15<\/td>\n<\/tr>\n<\/tbody>\n<\/table>\n\n<\/div><!-- #tablepress-9 from cache -->[\/vc_column_inner][\/vc_row_inner][\/vc_tta_section][vc_tta_section title=&#8221;2021&#8243; tab_id=&#8221;1654943818376-e5d969ef-661e&#8221;][vc_row_inner][vc_column_inner]<div id=\"tablepress-Sbu_Projects_Table_2021-scroll-wrapper\" class=\"tablepress-scroll-wrapper\">\n\n<table id=\"tablepress-Sbu_Projects_Table_2021\" class=\"tablepress tablepress-id-Sbu_Projects_Table_2021 tablepress-responsive\">\n<thead>\n<tr class=\"row-1\">\n\t<th class=\"column-1\">Ad Soyad<\/th><th class=\"column-2\">Projedeki G\u00f6revi<\/th><th class=\"column-3\">Proje Ad\u0131<\/th><th class=\"column-4\">Destekleyen Kurum\/Kurulu\u015f<\/th><th class=\"column-5\">Proje Ba\u015flang\u0131\u00e7 Tarihi<\/th><th class=\"column-6\">Proje Biti\u015f Tarihi<\/th><th class=\"column-7\">Toplam Proje S\u00fcresi (Ay)<\/th>\n<\/tr>\n<\/thead>\n<tbody class=\"row-striping row-hover\">\n<tr class=\"row-2\">\n\t<td class=\"column-1\">Sevde Altunta\u015f<\/td><td class=\"column-2\">Y\u00fcr\u00fct\u00fcc\u00fc<\/td><td class=\"column-3\">Pankreatik Adenokarsinom K\u00f6kenli Organoidler i\u00e7in Mili-ak\u0131\u015f \u0130la\u00e7 Tarama Sistemlerinin Geli\u015ftirilmesi<\/td><td class=\"column-4\">TUBITAK<\/td><td class=\"column-5\">15\/06\/2021<\/td><td class=\"column-6\">15\/06\/2024<\/td><td class=\"column-7\">36<\/td>\n<\/tr>\n<tr class=\"row-3\">\n\t<td class=\"column-1\">Esra G\u00dcZEL TANO\u011eLU<\/td><td class=\"column-2\">Ara\u015ft\u0131rmac\u0131<\/td><td class=\"column-3\">Enfektif olmayan assit ve spontan bakteriyel peritonitin ay\u0131r\u0131c\u0131 tan\u0131s\u0131nda Raman spektroskopisinin kullan\u0131lmas\u0131<\/td><td class=\"column-4\">BAP<\/td><td class=\"column-5\">06\/01\/2021<\/td><td class=\"column-6\">06\/07\/2022<\/td><td class=\"column-7\">18<\/td>\n<\/tr>\n<tr class=\"row-4\">\n\t<td class=\"column-1\">Esra G\u00dcZEL TANO\u011eLU<\/td><td class=\"column-2\">Ara\u015ft\u0131rmac\u0131<\/td><td class=\"column-3\">Hipertermik intraperitoneal kemoterapi uygulanm\u0131\u015f peritona metastazl\u0131 kolorektal kanserlerde uzun kodlanmayan RNA'lar\u0131n tan\u0131 ve prognoz a\u00e7\u0131s\u0131ndan rol\u00fcn\u00fcn ara\u015ft\u0131r\u0131lmas\u0131<\/td><td class=\"column-4\">BAP<\/td><td class=\"column-5\">18\/03\/2021<\/td><td class=\"column-6\">18\/03\/2022<\/td><td class=\"column-7\">12<\/td>\n<\/tr>\n<tr class=\"row-5\">\n\t<td class=\"column-1\">Esra G\u00dcZEL TANO\u011eLU<\/td><td class=\"column-2\">Ara\u015ft\u0131rmac\u0131<\/td><td class=\"column-3\">Akut iskemik inme tan\u0131l\u0131 hastalarda ABCB1 geni C3435T polimorfizminin aspirin direnci ile ili\u015fkisinin de\u011ferlendirilmesi. Prospektif \u00e7al\u0131\u015fma<\/td><td class=\"column-4\">BAP<\/td><td class=\"column-5\">03\/09\/2021<\/td><td class=\"column-6\">02\/03\/2022<\/td><td class=\"column-7\">6<\/td>\n<\/tr>\n<tr class=\"row-6\">\n\t<td class=\"column-1\">Esra G\u00dcZEL TANO\u011eLU<\/td><td class=\"column-2\">Ara\u015ft\u0131rmac\u0131<\/td><td class=\"column-3\">Acil Servise Ba\u015fvuran \u00dcrolithiazis Tan\u0131l\u0131 Hastalarda ALPL Gen Polimorfizmi ile \u00dcrolithiazis \u0130li\u015fkisinin Incelenmesi. Prospektif \u00c7al\u0131\u015fma<\/td><td class=\"column-4\">BAP<\/td><td class=\"column-5\">08\/11\/2021<\/td><td class=\"column-6\">07\/05\/2022<\/td><td class=\"column-7\">6<\/td>\n<\/tr>\n<tr class=\"row-7\">\n\t<td class=\"column-1\">\u00d6zge D\u0130N\u00c7<\/td><td class=\"column-2\">Y\u00fcr\u00fct\u00fcc\u00fc<\/td><td class=\"column-3\">Bakteriyel resveratrol sentezinde elektro aktive edilmi\u015f peynir alt\u0131 suyunun kullan\u0131m\u0131<\/td><td class=\"column-4\">TUBITAK<\/td><td class=\"column-5\">01\/03\/2021<\/td><td class=\"column-6\">01\/09\/2022<\/td><td class=\"column-7\">18<\/td>\n<\/tr>\n<tr class=\"row-8\">\n\t<td class=\"column-1\">Gamze YE\u015e\u0130LAY<\/td><td class=\"column-2\">Y\u00fcr\u00fct\u00fcc\u00fc<\/td><td class=\"column-3\">Enfektif olmayan assit ve spontan bakteriyel peritonitin ay\u0131r\u0131c\u0131 tan\u0131s\u0131nda Raman spektroskopisinin kullan\u0131lmas\u0131<\/td><td class=\"column-4\">BAP<\/td><td class=\"column-5\">06\/01\/2021<\/td><td class=\"column-6\">06\/07\/2022<\/td><td class=\"column-7\">18<\/td>\n<\/tr>\n<tr class=\"row-9\">\n\t<td class=\"column-1\">Gamze YE\u015e\u0130LAY<\/td><td class=\"column-2\">Y\u00fcr\u00fct\u00fcc\u00fc<\/td><td class=\"column-3\">Ewing sarkoma t\u00fcm\u00f6r\u00fcn\u00fcn ay\u0131r\u0131c\u0131 tan\u0131s\u0131nda kullanmak \u00fczere aptamer tabanl\u0131 y\u00fczeyde zenginle\u015ftirilmi\u015f Raman spektroskopisi substrat\u0131 geli\u015ftirilmesi<\/td><td class=\"column-4\">BAP<\/td><td class=\"column-5\">14\/06\/2021<\/td><td class=\"column-6\">13\/02\/2023<\/td><td class=\"column-7\">20<\/td>\n<\/tr>\n<tr class=\"row-10\">\n\t<td class=\"column-1\">Arif Mermer<\/td><td class=\"column-2\">Y\u00fcr\u00fct\u00fcc\u00fc<\/td><td class=\"column-3\">Yeni Potansiyel Neonikotinoidler Olarak Karboksiamid T\u00fcrevlerinin Dizayn\u0131, Sentezi, \u0130nsektisidal Aktivelerinin \u0130ncelenmesi ve Molek\u00fcler Docking ve In Silico ADME \u00c7al\u0131\u015fmalar\u0131<\/td><td class=\"column-4\">BAP<\/td><td class=\"column-5\">22\/01\/2021<\/td><td class=\"column-6\">22\/09\/2022<\/td><td class=\"column-7\">20<\/td>\n<\/tr>\n<tr class=\"row-11\">\n\t<td class=\"column-1\">\u00d6zge D\u0130N\u00c7<\/td><td class=\"column-2\">Ara\u015ft\u0131rmac\u0131<\/td><td class=\"column-3\">Bu\u011fdaya \u00d6zg\u00fc Mikrobiyal Konsorsiyumun Kurulmas\u0131 Ve Konsorsiyumun Polihipe Polimerine Immobilizasyonu Yoluyla Yeni Biyog\u00fcbre Form\u00fclasyonunun Tasar\u0131m\u0131<\/td><td class=\"column-4\">T\u00dcB\u0130TAK<\/td><td class=\"column-5\">15\/09\/2021<\/td><td class=\"column-6\">15\/09\/2024<\/td><td class=\"column-7\">36<\/td>\n<\/tr>\n<tr class=\"row-12\">\n\t<td class=\"column-1\">Altay Savalan<\/td><td class=\"column-2\">Y\u00fcr\u00fct\u00fcc\u00fc<\/td><td class=\"column-3\">Dendrigraft Kapl\u0131 G\u00fcm\u00fc\u015f S\u00fclf\u00fcr Kuantum Noktalar\u0131n\u0131n Haz\u0131rlanmas\u0131 ve Teranostik Potansiyellerinin \u0130ncelenmesi<\/td><td class=\"column-4\">2021\/112<\/td><td class=\"column-5\">06\/07\/2021<\/td><td class=\"column-6\">05\/07\/2022<\/td><td class=\"column-7\">12<\/td>\n<\/tr>\n<tr class=\"row-13\">\n\t<td class=\"column-1\">Arif Mermer<\/td><td class=\"column-2\">Ara\u015ft\u0131rmac\u0131<\/td><td class=\"column-3\">Propofol Benzeri Yeni Nesil Hibrit Molek\u00fcllerin Sentezi ve Anestezik \u00d6zelliklerinin Molek\u00fcler Doklama Y\u00f6ntemi ile Belirlenmesi<\/td><td class=\"column-4\">T\u00dcB\u0130TAK<\/td><td class=\"column-5\">08\/07\/2021<\/td><td class=\"column-6\">06\/07\/2022<\/td><td class=\"column-7\">12<\/td>\n<\/tr>\n<tr class=\"row-14\">\n\t<td class=\"column-1\">Bengi Y\u0131lmaz<\/td><td class=\"column-2\">Y\u00fcr\u00fct\u00fcc\u00fc<\/td><td class=\"column-3\">Elektroe\u011firme ve 3B Bas\u0131mla Kontroll\u00fc Borik Asit Sal\u0131m\u0131 Yapan \u00c7ok Katmanl\u0131 ve Anti-Bakteriyel Yara \u00d6rt\u00fcs\u00fc Olu\u015fturulmas\u0131<\/td><td class=\"column-4\">T\u00dcB\u0130TAK<\/td><td class=\"column-5\">01\/03\/2020<\/td><td class=\"column-6\">01\/03\/2022<\/td><td class=\"column-7\">24<\/td>\n<\/tr>\n<\/tbody>\n<\/table>\n\n<\/div><!-- #tablepress-Sbu_Projects_Table_2021 from cache -->[\/vc_column_inner][\/vc_row_inner][\/vc_tta_section][vc_tta_section title=&#8221;2020&#8243; tab_id=&#8221;projects_2020&#8243;][vc_row_inner][vc_column_inner]<div id=\"tablepress-Sbu_Projects_Table_2020-scroll-wrapper\" class=\"tablepress-scroll-wrapper\">\n\n<table id=\"tablepress-Sbu_Projects_Table_2020\" class=\"tablepress tablepress-id-Sbu_Projects_Table_2020 tablepress-responsive\">\n<thead>\n<tr class=\"row-1\">\n\t<th class=\"column-1\">Ad Soyad<\/th><th class=\"column-2\">Projedeki G\u00f6revi<\/th><th class=\"column-3\">Proje Ad\u0131<\/th><th class=\"column-4\">Destekleyen Kurum\/Kurulu\u015f<\/th><th class=\"column-5\">Proje Ba\u015flang\u0131\u00e7 Tarihi<\/th><th class=\"column-6\">Proje Biti\u015f Tarihi<\/th><th class=\"column-7\">DURUMU<\/th><th class=\"column-8\">Toplam Proje S\u00fcresi (Ay)<\/th>\n<\/tr>\n<\/thead>\n<tbody class=\"row-striping row-hover\">\n<tr class=\"row-2\">\n\t<td class=\"column-1\">Ahmet Kat\u0131<\/td><td class=\"column-2\">Y\u00fcr\u00fct\u00fcc\u00fc<\/td><td class=\"column-3\">KOZMET\u0130K AKT\u0130FLER\u0130N\u0130N OM\u0130K TEKNOLOJ\u0130LER VE 3D C\u0130LT MODELLER\u0130 D\u00dcZEY\u0130NDE ETK\u0130NL\u0130K TEST PLATFORMLARININ GEL\u0130\u015eT\u0130R\u0130LMES\u0130<\/td><td class=\"column-4\">T\u00fcbitak 1512<\/td><td class=\"column-5\">01\/03\/2020<\/td><td class=\"column-6\">30\/05\/2021<\/td><td class=\"column-7\">DEVAM ED\u0130YOR<\/td><td class=\"column-8\">16<\/td>\n<\/tr>\n<tr class=\"row-3\">\n\t<td class=\"column-1\">Arif Mermer<\/td><td class=\"column-2\">Y\u00fcr\u00fct\u00fcc\u00fc<\/td><td class=\"column-3\">Benzotriazol Halkas\u0131 \u0130\u00e7eren Oksadiazol T\u00fcrevlerinin Ultrasonik Sonikasyon Y\u00f6ntemiyle Sentezi ve Antikanser Aktivitelerinin Ara\u015ft\u0131r\u0131lmas\u0131<\/td><td class=\"column-4\">BAP<\/td><td class=\"column-5\">21\/10\/2019<\/td><td class=\"column-6\">21\/04\/2021<\/td><td class=\"column-7\">DEVAM ED\u0130YOR<\/td><td class=\"column-8\">18<\/td>\n<\/tr>\n<tr class=\"row-4\">\n\t<td class=\"column-1\">Arif MERMER<\/td><td class=\"column-2\">Ara\u015ft\u0131rmac\u0131<\/td><td class=\"column-3\">1,3, 4- Oksadiazol T\u00fcrevinin PANC-1 ve ISHIKAWA H\u00fccrelerinin 3D Monok\u00fclt\u00fcrleri ve Endotelyal H\u00fccrelerle Haz\u0131rlanan 3D Kok\u00fclt\u00fcrlerinde Anjiyogeneze Etkisinin Y\u00fcksek Verimli Sferoid Mikrodizileme Y\u00f6ntemiyle Ara\u015ft\u0131r\u0131lmas\u0131<\/td><td class=\"column-4\">\u0130stanbul MED\u0130POL \u00dcniversitesi<\/td><td class=\"column-5\">28\/12\/2020<\/td><td class=\"column-6\">28\/06\/2022<\/td><td class=\"column-7\">DEVAM ED\u0130YOR<\/td><td class=\"column-8\">18<\/td>\n<\/tr>\n<tr class=\"row-5\">\n\t<td class=\"column-1\">Aydin Tahmasebifar<\/td><td class=\"column-2\">Y\u00fcr\u00fct\u00fcc\u00fc<\/td><td class=\"column-3\">Geli\u015fmi\u015f \u00f6zellikleri olan sinir k\u0131lavuzlar\u0131n\u0131n 3B bas\u0131m\u0131<\/td><td class=\"column-4\">BAP<\/td><td class=\"column-5\">02\/09\/2019<\/td><td class=\"column-6\">02\/09\/2020<\/td><td class=\"column-7\">TAMAMLANDI<\/td><td class=\"column-8\">12<\/td>\n<\/tr>\n<tr class=\"row-6\">\n\t<td class=\"column-1\">Aydin Tahmasebifar<\/td><td class=\"column-2\">Ara\u015ft\u0131rmac\u0131<\/td><td class=\"column-3\">Deri Doku M\u00fchendisli\u011fi I\u00e7in Elektroe\u011frilmi\u015f Egf Ve Nano Alt\u0131n Y\u00fckl\u00fc Plla\/Kol-I Dual-Nanofiber Ve Gelma Hidrojellerin \u00dcretimi, -, 118M388<\/td><td class=\"column-4\">T\u00fcbitak 1001<\/td><td class=\"column-5\">15\/11\/2018<\/td><td class=\"column-6\">15\/11\/2020<\/td><td class=\"column-7\">TAMAMLANDI<\/td><td class=\"column-8\">24<\/td>\n<\/tr>\n<tr class=\"row-7\">\n\t<td class=\"column-1\">Aydin Tahmasebifar<\/td><td class=\"column-2\">Ara\u015ft\u0131rmac\u0131<\/td><td class=\"column-3\">\u00dc\u00e7 boyutlu Biyoyaz\u0131c\u0131 Uygulamas\u0131 \u0130le Yumu\u015fak ve Sert Doku M\u00fchendisli\u011fine Y\u00f6nelik Biyomimetik Doku \u0130skelesi Olu\u015fturma<\/td><td class=\"column-4\">BAP<\/td><td class=\"column-5\">07\/03\/2019<\/td><td class=\"column-6\">07\/03\/2021<\/td><td class=\"column-7\">DEVAM ED\u0130YOR<\/td><td class=\"column-8\">24<\/td>\n<\/tr>\n<tr class=\"row-8\">\n\t<td class=\"column-1\">Aydin Tahmasebifar<\/td><td class=\"column-2\">Ara\u015ft\u0131rmac\u0131<\/td><td class=\"column-3\">Elektroe\u011firme ve 3B Bas\u0131mla Kontroll\u00fc Borik Asit Sal\u0131m\u0131 Yapan \u00c7ok Katmanl\u0131 ve Anti-Bakteriyel Yara \u00d6rt\u00fcs\u00fc Olu\u015fturulmas\u0131, -T\u00fcbitak 3501<\/td><td class=\"column-4\">T\u00fcbitak 3501<\/td><td class=\"column-5\">01\/03\/2020<\/td><td class=\"column-6\">01\/03\/2022<\/td><td class=\"column-7\">DEVAM ED\u0130YOR<\/td><td class=\"column-8\">24<\/td>\n<\/tr>\n<tr class=\"row-9\">\n\t<td class=\"column-1\">Bengi Y\u0131lmaz<\/td><td class=\"column-2\">Ara\u015ft\u0131rmac\u0131<\/td><td class=\"column-3\">Deri Doku M\u00fchendisli\u011fi \u0130\u00e7in Elektroe\u011frilmi\u015f Egf Ve Nano Alt\u0131n Y\u00fckl\u00fc Plla\/Kol-I Dual-Nanofiber Ve Gelma Hidrojellerin \u00dcretimi<\/td><td class=\"column-4\">T\u00dcB\u0130TAK_ARDEB_1001<\/td><td class=\"column-5\">15\/11\/2018<\/td><td class=\"column-6\">15.11.2020 (Pandemi sebebiyle 15.02.2021'e kadar uzatma ald\u0131)<\/td><td class=\"column-7\">DEVAM ED\u0130YOR<\/td><td class=\"column-8\">24<\/td>\n<\/tr>\n<tr class=\"row-10\">\n\t<td class=\"column-1\">Bengi Y\u0131lmaz<\/td><td class=\"column-2\">Y\u00fcr\u00fct\u00fcc\u00fc<\/td><td class=\"column-3\">Deri Doku M\u00fchendisli\u011fi i\u00e7in EGF ve Alt\u0131n Nanopar\u00e7ac\u0131k y\u00fckl\u00fc Elektroe\u011frilmi\u015f PLLA\/Kol-I Dual-nanofiber \u00dcretimi<\/td><td class=\"column-4\">BAP<\/td><td class=\"column-5\">29\/04\/2019<\/td><td class=\"column-6\">15.11.2020 (Tez savunmas\u0131 bekleniyor)<\/td><td class=\"column-7\">TAMAMLANDI<\/td><td class=\"column-8\">10<\/td>\n<\/tr>\n<tr class=\"row-11\">\n\t<td class=\"column-1\">Bengi Y\u0131lmaz<\/td><td class=\"column-2\">Ara\u015ft\u0131rmac\u0131<\/td><td class=\"column-3\">Deri Doku M\u00fchendisli\u011fi \u0130\u00e7in Elektroe\u011frilmi\u015f Egf Ve Nano Alt\u0131n Y\u00fckl\u00fc Plla\/Kol-I Dual-Nanofiber Ve Gelma Hidrojellerin \u00dcretimi<\/td><td class=\"column-4\">T\u00dcB\u0130TAK_ARDEB_1001<\/td><td class=\"column-5\">15\/11\/2018<\/td><td class=\"column-6\">15.11.2020 (Pandemi sebebiyle 15.02.2021e kadar uzatma ald\u0131)<\/td><td class=\"column-7\">DEVAM ED\u0130YOR<\/td><td class=\"column-8\">24<\/td>\n<\/tr>\n<tr class=\"row-12\">\n\t<td class=\"column-1\">Bengi Y\u0131lmaz<\/td><td class=\"column-2\">Y\u00fcr\u00fct\u00fcc\u00fc<\/td><td class=\"column-3\">Elektroe\u011firme ve 3B Bas\u0131mla Kontroll\u00fc Borik Asit Sal\u0131m\u0131 Yapan \u00c7ok Katmanl\u0131 ve Anti-Bakteriyel Yara \u00d6rt\u00fcs\u00fc Olu\u015fturulmas\u0131<\/td><td class=\"column-4\">T\u00dcB\u0130TAK_ARDEB_3501<\/td><td class=\"column-5\">01\/03\/2020<\/td><td class=\"column-6\">01\/03\/2022<\/td><td class=\"column-7\">DEVAM ED\u0130YOR<\/td><td class=\"column-8\">24<\/td>\n<\/tr>\n<tr class=\"row-13\">\n\t<td class=\"column-1\">Bengi Y\u0131lmaz<\/td><td class=\"column-2\">Ara\u015ft\u0131rmac\u0131<\/td><td class=\"column-3\">Kemik Doku M\u00fchendisligi \u0130\u00e7in PCL-PEG-PCL\/Stronsiyum ve Magnezyum \u0130yonlar\u0131 \u0130lave Edilmi\u015f Bor<br \/>\nKatk\u0131l\u0131 Hidroksiapatit ile 3 Boyutlu G\u00f6zenekli Komposit \u0130skele-\u00dcretimi ve Karakterizasyonu<\/td><td class=\"column-4\">T\u00dcB\u0130TAK_ARDEB_1001<\/td><td class=\"column-5\">15\/05\/2018<\/td><td class=\"column-6\">15.11.2020 (Pandemi sebebiyle 15.03.2021'e kadar uzatma ald\u0131)<\/td><td class=\"column-7\">DEVAM ED\u0130YOR<\/td><td class=\"column-8\">30<\/td>\n<\/tr>\n<tr class=\"row-14\">\n\t<td class=\"column-1\">Bengi Y\u0131lmaz<\/td><td class=\"column-2\">Y\u00fcr\u00fct\u00fcc\u00fc<\/td><td class=\"column-3\">Elektroe\u011firme Y\u00f6ntemi ile B\u00fcy\u00fcme Fakt\u00f6r\u00fc Eklenmi\u015f Borik Asit Katk\u0131l\u0131 PLCL Deri \u0130kamesi \u00dcretimi<\/td><td class=\"column-4\">BAP<\/td><td class=\"column-5\">17\/10\/2018<\/td><td class=\"column-6\">8.05.2019 (Tez savunmas\u0131 bekleniyor)<\/td><td class=\"column-7\">TAMAMLANDI<\/td><td class=\"column-8\">12<\/td>\n<\/tr>\n<tr class=\"row-15\">\n\t<td class=\"column-1\">Erkan T\u00fcrker Boran<\/td><td class=\"column-2\">Y\u00fcr\u00fct\u00fcc\u00fc<\/td><td class=\"column-3\">Deri Doku M\u00fchendisli\u011fi \u0130\u00e7in Elektroe\u011frilmi\u015f Egf Ve Nano Alt\u0131n Y\u00fckl\u00fc Plla\/Kol-I Dual-Nanofiber Ve Gelma Hidrojellerin \u00dcretimi<\/td><td class=\"column-4\">T\u00dcB\u0130TAK-ARDEB-MAG<\/td><td class=\"column-5\">15\/11\/2018<\/td><td class=\"column-6\">15\/11\/2020<\/td><td class=\"column-7\">TAMAMLANDI<\/td><td class=\"column-8\">24<\/td>\n<\/tr>\n<tr class=\"row-16\">\n\t<td class=\"column-1\">Erkan T\u00fcrker Boran<\/td><td class=\"column-2\">Y\u00fcr\u00fct\u00fcc\u00fc<\/td><td class=\"column-3\">\u00dc\u00e7 boyutlu Biyoyaz\u0131c\u0131 Uygulamas\u0131 \u0130le Yumu\u015fak ve Sert Doku M\u00fchendis li\u011fine Y\u00f6nelik Biyomimetik Doku \u0130skelesi Olu\u015fturma<\/td><td class=\"column-4\">BAP<\/td><td class=\"column-5\">07\/03\/2019<\/td><td class=\"column-6\">07\/03\/2021<\/td><td class=\"column-7\">TAMAMLANDI<\/td><td class=\"column-8\">24<\/td>\n<\/tr>\n<tr class=\"row-17\">\n\t<td class=\"column-1\">Esra G\u00fczel Tano\u011flu<\/td><td class=\"column-2\">Ara\u015ft\u0131rmac\u0131<\/td><td class=\"column-3\">Enfektif olmayan assit ve spontan bakteriyel peritonitin ay\u0131r\u0131c\u0131 tan\u0131s\u0131nda Raman spektroskopisinin kullan\u0131lmas\u0131<\/td><td class=\"column-4\">BAP<\/td><td class=\"column-5\">06\/01\/2021<\/td><td class=\"column-6\">06\/07\/2022<\/td><td class=\"column-7\">DEVAM ED\u0130YOR<\/td><td class=\"column-8\">18<\/td>\n<\/tr>\n<tr class=\"row-18\">\n\t<td class=\"column-1\">Esra G\u00fczel Tano\u011flu<\/td><td class=\"column-2\">Y\u00fcr\u00fct\u00fcc\u00fc<\/td><td class=\"column-3\">Deneysel S\u0131\u00e7an Kronik Pankreatit Modelinde Melatonin Tedavisi Sonucu De\u011fi\u015fime U\u011frayan Gen D\u00fczeylerinin Belirlenmesi<\/td><td class=\"column-4\">BAP<\/td><td class=\"column-5\">2019<\/td><td class=\"column-6\">2020<\/td><td class=\"column-7\">TAMAMLANDI<\/td><td class=\"column-8\">12<\/td>\n<\/tr>\n<tr class=\"row-19\">\n\t<td class=\"column-1\">Esra G\u00fczel Tano\u011flu<\/td><td class=\"column-2\">Ara\u015ft\u0131rmac\u0131<\/td><td class=\"column-3\">Organoid Temelli COVID-19 Hastal\u0131k Modeli \u00dczerinde Hidroksiklorokin, Ribavirin, Remdesivir, Nitazoksanit, Tosilizumab, Anakinra ve Kol\u015fisin \u0130la\u00e7lar\u0131n\u0131n Yeniden Konumland\u0131r\u0131lmas\u0131n\u0131n Ara\u015ft\u0131r\u0131lmas\u0131<\/td><td class=\"column-4\">T\u00dcSEB<\/td><td class=\"column-5\">2020<\/td><td class=\"column-6\">2021<\/td><td class=\"column-7\">DEVAM ED\u0130YOR<\/td><td class=\"column-8\">8<\/td>\n<\/tr>\n<tr class=\"row-20\">\n\t<td class=\"column-1\">Esra G\u00fczel Tano\u011flu<\/td><td class=\"column-2\">Ara\u015ft\u0131rmac\u0131<\/td><td class=\"column-3\">Pulmoner tutulum ile seyreden Covid-19 ile enfekte hastalar\u0131n mikroRNA analizi<\/td><td class=\"column-4\">BAP<\/td><td class=\"column-5\">2020<\/td><td class=\"column-6\">2021<\/td><td class=\"column-7\">DEVAM ED\u0130YOR<\/td><td class=\"column-8\">12<\/td>\n<\/tr>\n<tr class=\"row-21\">\n\t<td class=\"column-1\">Esra G\u00fczel Tano\u011flu<\/td><td class=\"column-2\">Ara\u015ft\u0131rmac\u0131<\/td><td class=\"column-3\">Temas Sonras\u0131 Kuduz A\u015f\u0131lamas\u0131 yap\u0131lanlarda antikor seviyesi de\u011fi\u015fimleri ve mRNA d\u00fczeyinde incelenmesi<\/td><td class=\"column-4\">BAP<\/td><td class=\"column-5\">2019<\/td><td class=\"column-6\">2020<\/td><td class=\"column-7\">TAMAMLANDI<\/td><td class=\"column-8\">12<\/td>\n<\/tr>\n<tr class=\"row-22\">\n\t<td class=\"column-1\">Gamze Ye\u015filay<\/td><td class=\"column-2\">Y\u00fcr\u00fct\u00fcc\u00fc<\/td><td class=\"column-3\">Enfektif olmayan assit ve spontan bakteriyel peritonitin ay\u0131r\u0131c\u0131 tan\u0131s\u0131nda Raman spektroskopisinin kullan\u0131lmas\u0131<\/td><td class=\"column-4\">BAP<\/td><td class=\"column-5\">06\/01\/2021<\/td><td class=\"column-6\">06\/07\/2022<\/td><td class=\"column-7\">DEVAM ED\u0130YOR<\/td><td class=\"column-8\">18<\/td>\n<\/tr>\n<tr class=\"row-23\">\n\t<td class=\"column-1\">Mahfuz Elmasta\u015f<\/td><td class=\"column-2\">Y\u00fcr\u00fct\u00fcc\u00fc<\/td><td class=\"column-3\">Romatizmal Hastal\u0131klarda Yayg\u0131n Olarak Kullan\u0131lan Baz\u0131 Bitkilerin Antioksidan Kapasitelerinin Ara\u015ft\u0131r\u0131lmas\u0131<\/td><td class=\"column-4\">BAP<\/td><td class=\"column-5\">10\/09\/2020<\/td><td class=\"column-6\">10\/09\/2021<\/td><td class=\"column-7\">DEVAM ED\u0130YOR<\/td><td class=\"column-8\">12<\/td>\n<\/tr>\n<tr class=\"row-24\">\n\t<td class=\"column-1\">Mahfuz Elmasta\u015f<\/td><td class=\"column-2\">Y\u00fcr\u00fct\u00fcc\u00fc<\/td><td class=\"column-3\">Morus nigra Meyve ve Yaprak Ekstrelerinden Green Sentez Y\u00f6ntemi ile Sentezlenen \u00c7inko Oksit Nanopartik\u00fcllerin Oral Aft\u00f6z Stomatitler \u00dczerindeki Etkinli\u011finin in vivo De\u011ferlendirilmesi<\/td><td class=\"column-4\">BAP<\/td><td class=\"column-5\">10\/09\/2020<\/td><td class=\"column-6\">10\/09\/2022<\/td><td class=\"column-7\">DEVAM ED\u0130YOR<\/td><td class=\"column-8\">24<\/td>\n<\/tr>\n<tr class=\"row-25\">\n\t<td class=\"column-1\">Mahfuz Elmasta\u015f<\/td><td class=\"column-2\">Y\u00fcr\u00fct\u00fcc\u00fc<\/td><td class=\"column-3\">\u0130ncirin (Ficus carica L.) Halk T\u0131bb\u0131nda Kullan\u0131m \u015eeklinin Baz\u0131 Biyolojik Aktiviteler Bak\u0131m\u0131ndan Etnofarmakolojik Olarak De\u011ferlendirilmesi<\/td><td class=\"column-4\">BAP<\/td><td class=\"column-5\">24\/12\/2020<\/td><td class=\"column-6\">24\/12\/2022<\/td><td class=\"column-7\">DEVAM ED\u0130YOR<\/td><td class=\"column-8\">13<\/td>\n<\/tr>\n<tr class=\"row-26\">\n\t<td class=\"column-1\">Mahfuz Elmasta\u015f<\/td><td class=\"column-2\">Ara\u015ft\u0131rmac\u0131<\/td><td class=\"column-3\">Yerli ve Yabanc\u0131 Orijinli Nane (Mentha L.) T\u00fcrlerine Ait \u00c7e\u015fit ve Klonlar\u0131n Morfolojik, Tar\u0131msal, Molek\u00fcler ve Kimyasal \u00d6zeliklerinin Belirlenmesi, Farkl\u0131 Kemotiplerin Biyolojik Aktivitelerinin Ara\u015ft\u0131r\u0131lmas\u0131, Ticari \u00d6neme Sahip \u00c7e\u015fit ve Klonlar\u0131n Se\u00e7imi ve Kontroll\u00fc Ko\u015fullarda (Farkl\u0131 S\u0131cakl\u0131k ve Co2 Konsantrasyonlar\u0131) De\u011ferli Bile\u015fiklerin De\u011fi\u015fimi<\/td><td class=\"column-4\">T\u00dcB\u0130TAK ARDEB 1001<\/td><td class=\"column-5\">15\/01\/2021<\/td><td class=\"column-6\">15\/03\/2024<\/td><td class=\"column-7\">DEVAM ED\u0130YOR<\/td><td class=\"column-8\">26<\/td>\n<\/tr>\n<tr class=\"row-27\">\n\t<td class=\"column-1\">\u00d6zge Din\u00e7<\/td><td class=\"column-2\">Ara\u015ft\u0131rmac\u0131<\/td><td class=\"column-3\">End\u00fcstriyel \u00c7ama\u015f\u0131rhanelerde At\u0131ksuyun Geri Kazan\u0131m\u0131na Y\u00f6nelik Ar\u0131t\u0131m S\u00fcre\u00e7lerinin Geli\u015ftirilmesi<\/td><td class=\"column-4\">T\u00fcbitak 1003<\/td><td class=\"column-5\">15\/09\/2017<\/td><td class=\"column-6\">06\/04\/2020<\/td><td class=\"column-7\">TAMAMLANDI<\/td><td class=\"column-8\">24<\/td>\n<\/tr>\n<tr class=\"row-28\">\n\t<td class=\"column-1\">\u00d6zge Din\u00e7<\/td><td class=\"column-2\">Y\u00fcr\u00fct\u00fcc\u00fc<\/td><td class=\"column-3\">Ferrate\/Peroxymonosulfate Combined System for Sulfamethoxazole Degradation<\/td><td class=\"column-4\">T\u00fcbitak 2219<\/td><td class=\"column-5\">15\/02\/2019<\/td><td class=\"column-6\">15\/02\/2020<\/td><td class=\"column-7\">TAMAMLANDI<\/td><td class=\"column-8\">12<\/td>\n<\/tr>\n<tr class=\"row-29\">\n\t<td class=\"column-1\">Altay Savalan<\/td><td class=\"column-2\">Y\u00fcr\u00fct\u00fcc\u00fc<\/td><td class=\"column-3\">Kombine Terap\u00f6tik Ajanlar\u0131n Biyobozunur, Yak\u0131n K\u0131z\u0131l\u00f6tesi I\u015f\u0131mal\u0131, Glukoz Etiketli Dendronize Kuantum Noktac\u0131klar ile Beyin T\u00fcm\u00f6rlerine Hedeflenmesi<\/td><td class=\"column-4\">T\u00dcB\u0130TAK<\/td><td class=\"column-5\">01.05.2018<\/td><td class=\"column-6\">31.11.2020(Covid sebebi ile 6 ay ek s\u00fcre verilmi\u015f)<\/td><td class=\"column-7\">DEVAM ED\u0130YOR<\/td><td class=\"column-8\">24<\/td>\n<\/tr>\n<tr class=\"row-30\">\n\t<td class=\"column-1\">\u015eaban Tekin<\/td><td class=\"column-2\">Y\u00fcr\u00fct\u00fcc\u00fc<\/td><td class=\"column-3\">Valideba\u011f Ara\u015ft\u0131rma Park\u0131 Altyap\u0131 Projesi<\/td><td class=\"column-4\">BAP<\/td><td class=\"column-5\">10\/05\/2018<\/td><td class=\"column-6\">10\/05\/2021<\/td><td class=\"column-7\">DEVAM ED\u0130YOR<\/td><td class=\"column-8\">36<\/td>\n<\/tr>\n<tr class=\"row-31\">\n\t<td class=\"column-1\">\u015eaban Tekin<\/td><td class=\"column-2\">Y\u00fcr\u00fct\u00fcc\u00fc<\/td><td class=\"column-3\">Valideba\u011f Ara\u015ft\u0131rma Park\u0131 \u0130la\u00e7 Tarama ve Organoid Modelleme, Nanot\u0131p ve Biyosens\u00f6r, Biyoteknoloji, End\u00fcstriyel Fermantasyon ve Mikrobiyota, Organik Sentez, Omiks Laboratuvarlar\u0131n\u0131n Kurulmas\u0131<\/td><td class=\"column-4\">BAP<\/td><td class=\"column-5\">06\/01\/2021<\/td><td class=\"column-6\">06\/01\/2024<\/td><td class=\"column-7\">DEVAM ED\u0130YOR<\/td><td class=\"column-8\">36<\/td>\n<\/tr>\n<tr class=\"row-32\">\n\t<td class=\"column-1\">\u015eaban Tekin<\/td><td class=\"column-2\">Y\u00fcr\u00fct\u00fcc\u00fc<\/td><td class=\"column-3\">Travmaya Ba\u011fl\u0131 Spinal Kord Hasar\u0131nda ve Sonras\u0131nda Relcovaptan ve Tolvaptan \u0130la\u00e7lar\u0131n\u0131n Aquaporinlerin Gen Ekspresyonuna Etkilerinin Ara\u015ft\u0131r\u0131lmas\u0131<\/td><td class=\"column-4\">BAP<\/td><td class=\"column-5\">02\/07\/2020<\/td><td class=\"column-6\">01\/07\/2022<\/td><td class=\"column-7\">DEVAM ED\u0130YOR<\/td><td class=\"column-8\"><\/td>\n<\/tr>\n<tr class=\"row-33\">\n\t<td class=\"column-1\">Seda Kele\u015ftemur<\/td><td class=\"column-2\">Ara\u015ft\u0131rmac\u0131<\/td><td class=\"column-3\">Hegzagonal Bor Nitr\u00fcrlerin Biyomedikal Uygulamalarda Kullan\u0131m\u0131n\u0131n Ara\u015ft\u0131r\u0131lmas\u0131<\/td><td class=\"column-4\">T\u00fcbitak 1003<\/td><td class=\"column-5\">01\/11\/2020<\/td><td class=\"column-6\">01\/11\/2023<\/td><td class=\"column-7\">DEVAM ED\u0130YOR<\/td><td class=\"column-8\">36<\/td>\n<\/tr>\n<tr class=\"row-34\">\n\t<td class=\"column-1\">Seda Kele\u015ftemur<\/td><td class=\"column-2\">Ara\u015ft\u0131rmac\u0131<\/td><td class=\"column-3\">Rejeneratif Endodontide Kullan\u0131lan Farkl\u0131 Konsantrasyonlardaki \u0130kili Antibiyotik Patlar\u0131n Multi-species T\u00fcrlere Kar\u015f\u0131 Antibakteriyel Etkilerinin De\u011ferlendirilmesi<\/td><td class=\"column-4\">BAP<\/td><td class=\"column-5\">08\/05\/2020<\/td><td class=\"column-6\">08\/05\/2021<\/td><td class=\"column-7\">DEVAM ED\u0130YOR<\/td><td class=\"column-8\">12<\/td>\n<\/tr>\n<tr class=\"row-35\">\n\t<td class=\"column-1\">Sevde Altunta\u015f<\/td><td class=\"column-2\">Y\u00fcr\u00fct\u00fcc\u00fc<\/td><td class=\"column-3\">Organoid Temelli COVID-19 Hastal\u0131k Modeli \u00dczerinde Hidroksiklorokin, Ribavirin, Remdesivir, Nitazoksanit, Tosilizumab, Anakinra ve Kol\u015fisin \u0130la\u00e7lar\u0131n\u0131n Yeniden Konumland\u0131r\u0131lmas\u0131n\u0131n Ara\u015ft\u0131r\u0131lmas\u0131<\/td><td class=\"column-4\">TUSEB<\/td><td class=\"column-5\">01\/06\/2020<\/td><td class=\"column-6\">01\/02\/2021<\/td><td class=\"column-7\">DEVAM ED\u0130YOR<\/td><td class=\"column-8\">8<\/td>\n<\/tr>\n<tr class=\"row-36\">\n\t<td class=\"column-1\">Sevde Altunta\u015f<\/td><td class=\"column-2\">Y\u00fcr\u00fct\u00fcc\u00fc<\/td><td class=\"column-3\">Deri Doku M\u00fchendisli\u011finde Yara \u0130yile\u015fmesi \u0130\u00e7in Antienflamatuvar Etkili Riboflavin Katk\u0131lanm\u0131\u015f Periyodik Nano\u00e7ubuk Desenli Kolajen\/Polikaprolakton Membranlar\u0131n Kullan\u0131m\u0131n\u0131n Ara\u015ft\u0131r\u0131lmas\u0131<\/td><td class=\"column-4\">BAP<\/td><td class=\"column-5\">02\/07\/2020<\/td><td class=\"column-6\">01\/07\/2021<\/td><td class=\"column-7\">DEVAM ED\u0130YOR<\/td><td class=\"column-8\">12<\/td>\n<\/tr>\n<tr class=\"row-37\">\n\t<td class=\"column-1\">Sevde Altunta\u015f<\/td><td class=\"column-2\">Y\u00fcr\u00fct\u00fcc\u00fc<\/td><td class=\"column-3\">Pankreatik Adenokarsinom Lezyonlar\u0131n\u0131n Hedeflenmesinde FOLFIRINOX Bile\u015fenleri ile Zenginle\u015ftirilmi\u015f Kitosan Kapl\u0131 \u0130mmunolipozomlar\u0131n Kullan\u0131m\u0131n\u0131n Ara\u015ft\u0131r\u0131lmas\u0131<\/td><td class=\"column-4\">BAP<\/td><td class=\"column-5\">02\/07\/2020<\/td><td class=\"column-6\">01\/07\/2021<\/td><td class=\"column-7\">DEVAM ED\u0130YOR<\/td><td class=\"column-8\">12<\/td>\n<\/tr>\n<tr class=\"row-38\">\n\t<td class=\"column-1\">Tu\u011fba Kul K\u00f6pr\u00fcl\u00fc<\/td><td class=\"column-2\">Y\u00fcr\u00fct\u00fcc\u00fc<\/td><td class=\"column-3\">Ar\u0131 S\u00fct\u00fcn\u00fcn (Royal jelly) \u0130nsan Kanser H\u00fccrelerinde Genomik Demetilasyonu \u0130nd\u00fckleyici \u00d6zelli\u011finin ve T\u00fcm\u00f6r Supressor Genler \u00dczerindeki Etkinli\u011finin Ara\u015ft\u0131r\u0131lmas\u0131<\/td><td class=\"column-4\">BAP<\/td><td class=\"column-5\">02\/07\/2020<\/td><td class=\"column-6\">01\/07\/2022<\/td><td class=\"column-7\">DEVAM ED\u0130YOR<\/td><td class=\"column-8\">24<\/td>\n<\/tr>\n<tr class=\"row-39\">\n\t<td class=\"column-1\">Tu\u011fba Kul K\u00f6pr\u00fcl\u00fc<\/td><td class=\"column-2\">Ara\u015ft\u0131rmac\u0131<\/td><td class=\"column-3\">T\u00fcrkiye'de COVID-19: SARS-CoV-2 Genom Analizi ve Mutasyon Taramas\u0131, COVID-19 Hastalar\u0131nda Genetik Varyasyon Tespiti<\/td><td class=\"column-4\">BAP<\/td><td class=\"column-5\">13\/11\/2020<\/td><td class=\"column-6\">13\/11\/2021<\/td><td class=\"column-7\">DEVAM ED\u0130YOR<\/td><td class=\"column-8\">12<\/td>\n<\/tr>\n<tr class=\"row-40\">\n\t<td class=\"column-1\">\u0130rfan Koca, Yusuf TUTAR<\/td><td class=\"column-2\">Ara\u015ft\u0131rmac\u0131<\/td><td class=\"column-3\">Aril\u00a0Hidrazonal\u00a0Bile\u015fikleri \u00dczerinden Yeni Salisilat\u00a0ve\u00a0\u0130ndazol\u00a0T\u00fcrevi Bile\u015fiklerin Sentezi,\u00a0Karakterizasyonu\u00a0ve\u00a0Antikanser\u00a0Aktivite \u00c7al\u0131\u015fmalar\u0131.<\/td><td class=\"column-4\">T\u00fcbitak 1001<\/td><td class=\"column-5\">2020<\/td><td class=\"column-6\">2023<\/td><td class=\"column-7\">Devam ediyor<\/td><td class=\"column-8\">36<\/td>\n<\/tr>\n<tr class=\"row-41\">\n\t<td class=\"column-1\">Yusuf TUTAR<\/td><td class=\"column-2\">Ara\u015ft\u0131rmac\u0131<\/td><td class=\"column-3\">COVID-19 i\u00e7in H\u0131zl\u0131 Tan\u0131 Kiti Geli\u015ftirme<\/td><td class=\"column-4\">T\u00fcseb\u00a02020-TK-02<\/td><td class=\"column-5\">2020<\/td><td class=\"column-6\">2021<\/td><td class=\"column-7\">Devam ediyor<\/td><td class=\"column-8\">12<\/td>\n<\/tr>\n<tr class=\"row-42\">\n\t<td class=\"column-1\">Yusuf TUTAR<\/td><td class=\"column-2\">Y\u00fcr\u00fct\u00fcc\u00fc<\/td><td class=\"column-3\">Bireysel ve\u00a0D\u00f6n\u00fc\u015f\u00fcmsel\u00a0T\u0131p Alan\u0131 Uygulamal\u0131\u00a0\u0130\u015fbirli\u011fi-Obezite<\/td><td class=\"column-4\">T\u00fcseb\u00a02020-BT-02<\/td><td class=\"column-5\">2020<\/td><td class=\"column-6\">2022<\/td><td class=\"column-7\">Devam ediyor<\/td><td class=\"column-8\">18<\/td>\n<\/tr>\n<tr class=\"row-43\">\n\t<td class=\"column-1\">Yusuf TUTAR<\/td><td class=\"column-2\">Y\u00fcr\u00fct\u00fcc\u00fc<\/td><td class=\"column-3\">Bireysel ve\u00a0D\u00f6n\u00fc\u015f\u00fcmsel\u00a0T\u0131p Alan\u0131 Uygulamal\u0131\u00a0\u0130\u015fbirli\u011fi-Meme Kanseri<\/td><td class=\"column-4\">T\u00fcseb 2020-BT-02<\/td><td class=\"column-5\">2020<\/td><td class=\"column-6\">2021<\/td><td class=\"column-7\">Devam ediyor<\/td><td class=\"column-8\">18<\/td>\n<\/tr>\n<tr class=\"row-44\">\n\t<td class=\"column-1\">Yusuf TUTAR<\/td><td class=\"column-2\">Y\u00fcr\u00fct\u00fcc\u00fc<\/td><td class=\"column-3\">Apoptoz Reg\u00fclasyonunda Mitokondri ve Sitozol Etkile\u015fimini Sa\u011flayan Fakt\u00f6rler<\/td><td class=\"column-4\">BAP<\/td><td class=\"column-5\">2017<\/td><td class=\"column-6\">2020<\/td><td class=\"column-7\">Bitti<\/td><td class=\"column-8\"><\/td>\n<\/tr>\n<tr class=\"row-45\">\n\t<td class=\"column-1\">Yusuf TUTAR<\/td><td class=\"column-2\">Y\u00fcr\u00fct\u00fcc\u00fc<\/td><td class=\"column-3\">Pirazol-Diazepin Halkalar\u0131n\u0131 \u0130\u00e7eren Yeni Hibrit Heterosiklik Bile\u015fiklerin Sentezi ve Antikanser Aktivitelerinin Belirlenmesi<\/td><td class=\"column-4\">BAP<\/td><td class=\"column-5\">2020<\/td><td class=\"column-6\">2021<\/td><td class=\"column-7\">Devam ediyor<\/td><td class=\"column-8\"><\/td>\n<\/tr>\n<tr class=\"row-46\">\n\t<td class=\"column-1\">Sibel B\u00d6LEK<\/td><td class=\"column-2\">Y\u00fcr\u00fct\u00fcc\u00fc<\/td><td class=\"column-3\">G\u0131da Teknolojisi Ana Bilim Dal\u0131 Ara\u015ft\u0131rma Laboratuvarlar\u0131 Alt Yap\u0131 Projesi<\/td><td class=\"column-4\">BAP<\/td><td class=\"column-5\">2019<\/td><td class=\"column-6\">2020<\/td><td class=\"column-7\">TAMAMLANDI<\/td><td class=\"column-8\">12<\/td>\n<\/tr>\n<tr class=\"row-47\">\n\t<td class=\"column-1\">Altay Savalan<\/td><td class=\"column-2\">Y\u00fcr\u00fct\u00fcc\u00fc<\/td><td class=\"column-3\">Kombine Terap\u00f6tik Ajanlar\u0131n Biyobozunur, Yak\u0131n K\u0131z\u0131l\u00f6tesi I\u015f\u0131mal\u0131, Glukoz Etiketli Dendronize Kuantum Noktac\u0131klar ile Beyin T\u00fcm\u00f6rlerine Hedeflenmesi<\/td><td class=\"column-4\">T\u00dcB\u0130TAK ARDEB 3501<\/td><td class=\"column-5\">2018<\/td><td class=\"column-6\">2021<\/td><td class=\"column-7\">TAMAMLANDI<\/td><td class=\"column-8\">36<\/td>\n<\/tr>\n<\/tbody>\n<\/table>\n\n<\/div><!-- #tablepress-Sbu_Projects_Table_2020 from cache -->[\/vc_column_inner][\/vc_row_inner][\/vc_tta_section][\/vc_tta_accordion][\/vc_column][\/vc_row]<\/p>\n<\/div>","protected":false},"excerpt":{"rendered":"<p>[vc_row][vc_column][vc_tta_accordion active_section=&#8221;0&#8243; collapsible_all=&#8221;true&#8221;][vc_tta_section title=&#8221;2022&#8243; tab_id=&#8221;projects_2022&#8243;][vc_row_inner][vc_column_inner][\/vc_column_inner][\/vc_row_inner][\/vc_tta_section][vc_tta_section title=&#8221;2021&#8243; tab_id=&#8221;1654943818376-e5d969ef-661e&#8221;][vc_row_inner][vc_column_inner][\/vc_column_inner][\/vc_row_inner][\/vc_tta_section][vc_tta_section title=&#8221;2020&#8243; tab_id=&#8221;projects_2020&#8243;][vc_row_inner][vc_column_inner][\/vc_column_inner][\/vc_row_inner][\/vc_tta_section][\/vc_tta_accordion][\/vc_column][\/vc_row]<\/p>\n","protected":false},"author":6,"featured_media":0,"parent":12090,"menu_order":28,"comment_status":"closed","ping_status":"closed","template":"","meta":{"_bbp_topic_count":0,"_bbp_reply_count":0,"_bbp_total_topic_count":0,"_bbp_total_reply_count":0,"_bbp_voice_count":0,"_bbp_anonymous_reply_count":0,"_bbp_topic_count_hidden":0,"_bbp_reply_count_hidden":0,"_bbp_forum_subforum_count":0,"inline_featured_image":false,"footnotes":""},"class_list":["post-12094","page","type-page","status-publish","hentry"],"_links":{"self":[{"href":"https:\/\/detuam.sbu.edu.tr\/en\/wp-json\/wp\/v2\/pages\/12094","targetHints":{"allow":["GET"]}}],"collection":[{"href":"https:\/\/detuam.sbu.edu.tr\/en\/wp-json\/wp\/v2\/pages"}],"about":[{"href":"https:\/\/detuam.sbu.edu.tr\/en\/wp-json\/wp\/v2\/types\/page"}],"author":[{"embeddable":true,"href":"https:\/\/detuam.sbu.edu.tr\/en\/wp-json\/wp\/v2\/users\/6"}],"replies":[{"embeddable":true,"href":"https:\/\/detuam.sbu.edu.tr\/en\/wp-json\/wp\/v2\/comments?post=12094"}],"version-history":[{"count":1,"href":"https:\/\/detuam.sbu.edu.tr\/en\/wp-json\/wp\/v2\/pages\/12094\/revisions"}],"predecessor-version":[{"id":12125,"href":"https:\/\/detuam.sbu.edu.tr\/en\/wp-json\/wp\/v2\/pages\/12094\/revisions\/12125"}],"up":[{"embeddable":true,"href":"https:\/\/detuam.sbu.edu.tr\/en\/wp-json\/wp\/v2\/pages\/12090"}],"wp:attachment":[{"href":"https:\/\/detuam.sbu.edu.tr\/en\/wp-json\/wp\/v2\/media?parent=12094"}],"curies":[{"name":"wp","href":"https:\/\/api.w.org\/{rel}","templated":true}]}}